{"id":26805,"date":"2026-04-06T13:41:54","date_gmt":"2026-04-06T13:41:54","guid":{"rendered":"https:\/\/immigrationcur.org\/?page_id=26805"},"modified":"2026-05-01T02:42:46","modified_gmt":"2026-05-01T02:42:46","slug":"ribe-luga","status":"publish","type":"page","link":"https:\/\/immigrationcur.org\/pap\/ribe-luga\/","title":{"rendered":"Rib\u2019e Lug\u00e1"},"content":{"rendered":"\t\t<div data-elementor-type=\"wp-page\" data-elementor-id=\"26805\" class=\"elementor elementor-26805 elementor-26802\">\n\t\t\t\t\t\t\t\t\t<section class=\"elementor-section elementor-top-section elementor-element elementor-element-b31ade7 elementor-section-full_width elementor-section-height-default elementor-section-height-default\" data-id=\"b31ade7\" data-element_type=\"section\">\n\t\t\t\t\t\t<div class=\"elementor-container elementor-column-gap-default\">\n\t\t\t\t\t<div class=\"elementor-column elementor-col-100 elementor-top-column elementor-element elementor-element-d0dfdc0\" data-id=\"d0dfdc0\" data-element_type=\"column\">\n\t\t\t<div class=\"elementor-widget-wrap elementor-element-populated\">\n\t\t\t\t\t\t\t\t<div class=\"elementor-element elementor-element-be2cd7b elementor-widget elementor-widget-ova_header\" data-id=\"be2cd7b\" data-element_type=\"widget\" data-widget_type=\"ova_header.default\">\n\t\t\t\t<div class=\"elementor-widget-container\">\n\t\t\t\t\t \t<!-- Display when you choose background per Post -->\n\t\t \t<div class=\"wrap_ova_header bg_feature_img left \" style=\"background: url( https:\/\/immigrationcur.org\/wp-content\/uploads\/2026\/04\/RL_banner-image-2_logo-centered.jpg )\"  >\n\n\t\t \t\t<div class=\"container\">\t\t\t \t\n\t\t\t\t \t<div class=\"cover_color\"><\/div>\n\n\t\t\t\t\t<div class=\"ova_header_el \">\n\t\t\t\t\t\t\n\t\t\t\t\t\t\t\t\t\t\t\t\n\t\t\t\t\t\t\t\t\t\t\t\t\t\t<h1 class=\"second_font header_title\">\n\t\t\t\t\t\t\t\tRib\u2019e Lug\u00e1\t\t\t\t\t\t\t<\/h1>\n\t\t\t\t\t\t\t\t\n\t\t\t\t\t\t\n\n\t\t\t\t\t\t\t\t\t\t\t\t\t<div class=\"ovatheme_breadcrumbs ovatheme_breadcrumbs_el\">\n\t\t\t\t\t\t\t\t<div id=\"breadcrumbs\"><ul class=\"breadcrumb\"><li><a href=\"https:\/\/immigrationcur.org\/pap\/\">Pagina sentral<\/a><\/li> <li class=\"li_separator\"><span class=\"separator\"><\/span><\/li> <li>Page<\/li><\/ul><\/div>\t\t\t\t\t\t\t<\/div>\n\t\t\t\t\t\t\n\t\t\t\t\t<\/div>\n\n\t\t\t\t <\/div> \n\t\t\t<\/div>\n\t\t\t\t<\/div>\n\t\t\t\t<\/div>\n\t\t\t\t\t<\/div>\n\t\t<\/div>\n\t\t\t\t\t\t\t<\/div>\n\t\t<\/section>\n\t\t\t\t<section class=\"elementor-section elementor-top-section elementor-element elementor-element-df1b436 elementor-section-boxed elementor-section-height-default elementor-section-height-default\" data-id=\"df1b436\" data-element_type=\"section\">\n\t\t\t\t\t\t<div class=\"elementor-container elementor-column-gap-default\">\n\t\t\t\t\t<div class=\"elementor-column elementor-col-100 elementor-top-column elementor-element elementor-element-ef603d9\" data-id=\"ef603d9\" data-element_type=\"column\">\n\t\t\t<div class=\"elementor-widget-wrap elementor-element-populated\">\n\t\t\t\t\t\t\t\t<div class=\"elementor-element elementor-element-24a828a elementor-widget elementor-widget-ova_archive_dep\" data-id=\"24a828a\" data-element_type=\"widget\" data-widget_type=\"ova_archive_dep.default\">\n\t\t\t\t<div class=\"elementor-widget-container\">\n\t\t\t\n\n<div class=\"ova_archive_dep archive_dep two_column\">\n\t<div class=\"content\">\n\t\t\n\t\t\t<div class=\"items elementor-items\">\n\t\t\t\t<div class=\"wp-item\">\n\t\t\t\t\n\t\t\t\t<div class=\"ova-media\">\n\t\t\t\t\t<a href=\"https:\/\/immigrationcur.org\/pap\/ribe-luga\/bon-bini-na-ribe-luga\/\">\n\t\t\t\t\t\t<img decoding=\"async\" width=\"1024\" height=\"683\" src=\"https:\/\/immigrationcur.org\/wp-content\/uploads\/2026\/03\/D4A7608-1024x683.jpg\" class=\"img-responsive wp-post-image\" alt=\"\" srcset=\"https:\/\/immigrationcur.org\/wp-content\/uploads\/2026\/03\/D4A7608-1024x683.jpg 1024w, https:\/\/immigrationcur.org\/wp-content\/uploads\/2026\/03\/D4A7608-300x200.jpg 300w, https:\/\/immigrationcur.org\/wp-content\/uploads\/2026\/03\/D4A7608-768x512.jpg 768w, https:\/\/immigrationcur.org\/wp-content\/uploads\/2026\/03\/D4A7608-1536x1025.jpg 1536w, https:\/\/immigrationcur.org\/wp-content\/uploads\/2026\/03\/D4A7608-600x400.jpg 600w, https:\/\/immigrationcur.org\/wp-content\/uploads\/2026\/03\/D4A7608-560x374.jpg 560w, https:\/\/immigrationcur.org\/wp-content\/uploads\/2026\/03\/D4A7608.jpg 1920w\" sizes=\"(max-width: 1024px) 100vw, 1024px\" \/>\t\t\t\t\t<\/a>\n\t\t\t\t<\/div>\n\t\t\t\t<div class=\"ova-content\">\n\t\t\t\t\t\t\t\t\t\t\t<div class=\"icon\">\n\t\t\t\t\t\t\t<span>\n\t\t\t\t\t\t\t\t<i class=\"flaticon-home\"><\/i>\n\t\t\t\t\t\t\t<\/span>\n\t\t\t\t\t\t<\/div>\n\t\t\t\t\t\t\t\t\t\t\t\t\t\t\t<h2 class=\"title\">\n\t\t\t\t\t\t<a class=\"second_font\" href=\"https:\/\/immigrationcur.org\/pap\/ribe-luga\/bon-bini-na-ribe-luga\/\">\n\t\t\t\t\t\t\tBon bin\u00ed na Rib\u2019e Lug\u00e1\t\t\t\t\t\t<\/a>\n\t\t\t\t\t<\/h2>\n\t\t\t\t\t\t\t\t\t\t\t\t\t\t\t\t<div class=\"descption\">\n\t\t\t\t\t\t\tInformashon general tokante e proseso di Rib\u2019e Lug\u00e1, e antecedentenan, i e ophetivo di e proseso di registrashon i legalisashon.\t\t\t\t\t\t<\/div>\n\t\t\t\t\t\t\t\t\t\t\t\t\t\t\t<a class=\"second_font readmore\" href=\"https:\/\/immigrationcur.org\/pap\/ribe-luga\/bon-bini-na-ribe-luga\/\" >\n\t\t\t\t\t\tLesa Mas\t\t\t\t\t\t<i data-feather=\"arrow-right\"><\/i>\n\t\t\t\t\t<\/a>\n\t\t\t\t\t\t\t\t\t<\/div>\n\n\t\t\t\t<\/div>\n\t\t\t<\/div>\n\n\t\t\n\t\t\t<div class=\"items elementor-items\">\n\t\t\t\t<div class=\"wp-item\">\n\t\t\t\t\n\t\t\t\t<div class=\"ova-media\">\n\t\t\t\t\t<a href=\"https:\/\/immigrationcur.org\/pap\/ribe-luga\/maneho-di-ribe-luga\/\">\n\t\t\t\t\t\t<img decoding=\"async\" width=\"1024\" height=\"219\" src=\"https:\/\/immigrationcur.org\/wp-content\/uploads\/2026\/03\/RL_banner-image-6-1024x219.jpg\" class=\"img-responsive wp-post-image\" alt=\"\" srcset=\"https:\/\/immigrationcur.org\/wp-content\/uploads\/2026\/03\/RL_banner-image-6-1024x219.jpg 1024w, https:\/\/immigrationcur.org\/wp-content\/uploads\/2026\/03\/RL_banner-image-6-300x64.jpg 300w, https:\/\/immigrationcur.org\/wp-content\/uploads\/2026\/03\/RL_banner-image-6-768x165.jpg 768w, https:\/\/immigrationcur.org\/wp-content\/uploads\/2026\/03\/RL_banner-image-6-600x129.jpg 600w, https:\/\/immigrationcur.org\/wp-content\/uploads\/2026\/03\/RL_banner-image-6-560x120.jpg 560w, https:\/\/immigrationcur.org\/wp-content\/uploads\/2026\/03\/RL_banner-image-6.jpg 1400w\" sizes=\"(max-width: 1024px) 100vw, 1024px\" \/>\t\t\t\t\t<\/a>\n\t\t\t\t<\/div>\n\t\t\t\t<div class=\"ova-content\">\n\t\t\t\t\t\t\t\t\t\t\t<div class=\"icon\">\n\t\t\t\t\t\t\t<span>\n\t\t\t\t\t\t\t\t<i class=\"icon-regelgeving\"><\/i>\n\t\t\t\t\t\t\t<\/span>\n\t\t\t\t\t\t<\/div>\n\t\t\t\t\t\t\t\t\t\t\t\t\t\t\t<h2 class=\"title\">\n\t\t\t\t\t\t<a class=\"second_font\" href=\"https:\/\/immigrationcur.org\/pap\/ribe-luga\/maneho-di-ribe-luga\/\">\n\t\t\t\t\t\t\tManeho di \u201cRib\u2019e Lug\u00e1\u201d\t\t\t\t\t\t<\/a>\n\t\t\t\t\t<\/h2>\n\t\t\t\t\t\t\t\t\t\t\t\t\t\t\t\t<div class=\"descption\">\n\t\t\t\t\t\t\tInformashon tokante e pol\u00edtika, kondishonnan i kuadro legal aplikabel di e proseso di Rib\u2019e Lug\u00e1.\t\t\t\t\t\t<\/div>\n\t\t\t\t\t\t\t\t\t\t\t\t\t\t\t<a class=\"second_font readmore\" href=\"https:\/\/immigrationcur.org\/pap\/ribe-luga\/maneho-di-ribe-luga\/\" >\n\t\t\t\t\t\tLesa Mas\t\t\t\t\t\t<i data-feather=\"arrow-right\"><\/i>\n\t\t\t\t\t<\/a>\n\t\t\t\t\t\t\t\t\t<\/div>\n\n\t\t\t\t<\/div>\n\t\t\t<\/div>\n\n\t\t\n\t\t\t<div class=\"items elementor-items\">\n\t\t\t\t<div class=\"wp-item\">\n\t\t\t\t\n\t\t\t\t<div class=\"ova-media\">\n\t\t\t\t\t<a href=\"https:\/\/immigrationcur.org\/pap\/ribe-luga\/proposito-empleo-trabou\/\">\n\t\t\t\t\t\t<img decoding=\"async\" width=\"683\" height=\"1024\" src=\"https:\/\/immigrationcur.org\/wp-content\/uploads\/2026\/03\/D4A7618-683x1024.jpg\" class=\"img-responsive wp-post-image\" alt=\"\" srcset=\"https:\/\/immigrationcur.org\/wp-content\/uploads\/2026\/03\/D4A7618-683x1024.jpg 683w, https:\/\/immigrationcur.org\/wp-content\/uploads\/2026\/03\/D4A7618-200x300.jpg 200w, https:\/\/immigrationcur.org\/wp-content\/uploads\/2026\/03\/D4A7618-768x1151.jpg 768w, https:\/\/immigrationcur.org\/wp-content\/uploads\/2026\/03\/D4A7618-1025x1536.jpg 1025w, https:\/\/immigrationcur.org\/wp-content\/uploads\/2026\/03\/D4A7618-400x600.jpg 400w, https:\/\/immigrationcur.org\/wp-content\/uploads\/2026\/03\/D4A7618-374x560.jpg 374w, https:\/\/immigrationcur.org\/wp-content\/uploads\/2026\/03\/D4A7618.jpg 1281w\" sizes=\"(max-width: 683px) 100vw, 683px\" \/>\t\t\t\t\t<\/a>\n\t\t\t\t<\/div>\n\t\t\t\t<div class=\"ova-content\">\n\t\t\t\t\t\t\t\t\t\t\t<div class=\"icon\">\n\t\t\t\t\t\t\t<span>\n\t\t\t\t\t\t\t\t<i class=\"icon-doel\"><\/i>\n\t\t\t\t\t\t\t<\/span>\n\t\t\t\t\t\t<\/div>\n\t\t\t\t\t\t\t\t\t\t\t\t\t\t\t<h2 class=\"title\">\n\t\t\t\t\t\t<a class=\"second_font\" href=\"https:\/\/immigrationcur.org\/pap\/ribe-luga\/proposito-empleo-trabou\/\">\n\t\t\t\t\t\t\tProp\u00f3sito: Empleo \u2013 Trabou\t\t\t\t\t\t<\/a>\n\t\t\t\t\t<\/h2>\n\t\t\t\t\t\t\t\t\t\t\t\t\t\t\t\t<div class=\"descption\">\n\t\t\t\t\t\t\tInformashon tokante aplik\u00e1 pa un p\u00e8rmit di estadia temporal ku empleo komo prop\u00f3sito di estadia.\t\t\t\t\t\t<\/div>\n\t\t\t\t\t\t\t\t\t\t\t\t\t\t\t<a class=\"second_font readmore\" href=\"https:\/\/immigrationcur.org\/pap\/ribe-luga\/proposito-empleo-trabou\/\" >\n\t\t\t\t\t\tLesa Mas\t\t\t\t\t\t<i data-feather=\"arrow-right\"><\/i>\n\t\t\t\t\t<\/a>\n\t\t\t\t\t\t\t\t\t<\/div>\n\n\t\t\t\t<\/div>\n\t\t\t<\/div>\n\n\t\t\n\t\t\t<div class=\"items elementor-items\">\n\t\t\t\t<div class=\"wp-item\">\n\t\t\t\t\n\t\t\t\t<div class=\"ova-media\">\n\t\t\t\t\t<a href=\"https:\/\/immigrationcur.org\/pap\/ribe-luga\/proposito-propio-negoshi-empresario-independiente\/\">\n\t\t\t\t\t\t<img decoding=\"async\" width=\"683\" height=\"1024\" src=\"https:\/\/immigrationcur.org\/wp-content\/uploads\/2026\/03\/D4A7620-683x1024.jpg\" class=\"img-responsive wp-post-image\" alt=\"\" srcset=\"https:\/\/immigrationcur.org\/wp-content\/uploads\/2026\/03\/D4A7620-683x1024.jpg 683w, https:\/\/immigrationcur.org\/wp-content\/uploads\/2026\/03\/D4A7620-200x300.jpg 200w, https:\/\/immigrationcur.org\/wp-content\/uploads\/2026\/03\/D4A7620-768x1151.jpg 768w, https:\/\/immigrationcur.org\/wp-content\/uploads\/2026\/03\/D4A7620-1025x1536.jpg 1025w, https:\/\/immigrationcur.org\/wp-content\/uploads\/2026\/03\/D4A7620-400x600.jpg 400w, https:\/\/immigrationcur.org\/wp-content\/uploads\/2026\/03\/D4A7620-374x560.jpg 374w, https:\/\/immigrationcur.org\/wp-content\/uploads\/2026\/03\/D4A7620.jpg 1281w\" sizes=\"(max-width: 683px) 100vw, 683px\" \/>\t\t\t\t\t<\/a>\n\t\t\t\t<\/div>\n\t\t\t\t<div class=\"ova-content\">\n\t\t\t\t\t\t\t\t\t\t\t<div class=\"icon\">\n\t\t\t\t\t\t\t<span>\n\t\t\t\t\t\t\t\t<i class=\"icon-ondernemer\"><\/i>\n\t\t\t\t\t\t\t<\/span>\n\t\t\t\t\t\t<\/div>\n\t\t\t\t\t\t\t\t\t\t\t\t\t\t\t<h2 class=\"title\">\n\t\t\t\t\t\t<a class=\"second_font\" href=\"https:\/\/immigrationcur.org\/pap\/ribe-luga\/proposito-propio-negoshi-empresario-independiente\/\">\n\t\t\t\t\t\t\tProp\u00f3sito Propio Negoshi \/ Empresario Independiente\t\t\t\t\t\t<\/a>\n\t\t\t\t\t<\/h2>\n\t\t\t\t\t\t\t\t\t\t\t\t\t\t\t\t<div class=\"descption\">\n\t\t\t\t\t\t\tInformashon tokante aplik\u00e1 pa un p\u00e8rmit di estadia temporal ku propio negoshi \u00f2f trabou propio komo e prop\u00f3sito di estadia.\t\t\t\t\t\t<\/div>\n\t\t\t\t\t\t\t\t\t\t\t\t\t\t\t<a class=\"second_font readmore\" href=\"https:\/\/immigrationcur.org\/pap\/ribe-luga\/proposito-propio-negoshi-empresario-independiente\/\" >\n\t\t\t\t\t\tLesa Mas\t\t\t\t\t\t<i data-feather=\"arrow-right\"><\/i>\n\t\t\t\t\t<\/a>\n\t\t\t\t\t\t\t\t\t<\/div>\n\n\t\t\t\t<\/div>\n\t\t\t<\/div>\n\n\t\t\n\t\t\t<div class=\"items elementor-items\">\n\t\t\t\t<div class=\"wp-item\">\n\t\t\t\t\n\t\t\t\t<div class=\"ova-media\">\n\t\t\t\t\t<a href=\"https:\/\/immigrationcur.org\/pap\/ribe-luga\/proposito-reunifikashon-familiar-formashon-di-famia\/\">\n\t\t\t\t\t\t<img decoding=\"async\" width=\"1024\" height=\"683\" src=\"https:\/\/immigrationcur.org\/wp-content\/uploads\/2026\/03\/D4A7638-1024x683.jpg\" class=\"img-responsive wp-post-image\" alt=\"\" srcset=\"https:\/\/immigrationcur.org\/wp-content\/uploads\/2026\/03\/D4A7638-1024x683.jpg 1024w, https:\/\/immigrationcur.org\/wp-content\/uploads\/2026\/03\/D4A7638-300x200.jpg 300w, https:\/\/immigrationcur.org\/wp-content\/uploads\/2026\/03\/D4A7638-768x512.jpg 768w, https:\/\/immigrationcur.org\/wp-content\/uploads\/2026\/03\/D4A7638-1536x1025.jpg 1536w, https:\/\/immigrationcur.org\/wp-content\/uploads\/2026\/03\/D4A7638-600x400.jpg 600w, https:\/\/immigrationcur.org\/wp-content\/uploads\/2026\/03\/D4A7638-560x374.jpg 560w, https:\/\/immigrationcur.org\/wp-content\/uploads\/2026\/03\/D4A7638.jpg 1920w\" sizes=\"(max-width: 1024px) 100vw, 1024px\" \/>\t\t\t\t\t<\/a>\n\t\t\t\t<\/div>\n\t\t\t\t<div class=\"ova-content\">\n\t\t\t\t\t\t\t\t\t\t\t<div class=\"icon\">\n\t\t\t\t\t\t\t<span>\n\t\t\t\t\t\t\t\t<i class=\"icon-gezin\"><\/i>\n\t\t\t\t\t\t\t<\/span>\n\t\t\t\t\t\t<\/div>\n\t\t\t\t\t\t\t\t\t\t\t\t\t\t\t<h2 class=\"title\">\n\t\t\t\t\t\t<a class=\"second_font\" href=\"https:\/\/immigrationcur.org\/pap\/ribe-luga\/proposito-reunifikashon-familiar-formashon-di-famia\/\">\n\t\t\t\t\t\t\tProp\u00f3sito Reunifikashon Familiar\/Formashon di Famia\t\t\t\t\t\t<\/a>\n\t\t\t\t\t<\/h2>\n\t\t\t\t\t\t\t\t\t\t\t\t\t\t\t\t<div class=\"descption\">\n\t\t\t\t\t\t\tInformashon tokante aplik\u00e1 pa un p\u00e8rmit di estadia temporal pa miembronan di famia dependiente.\t\t\t\t\t\t<\/div>\n\t\t\t\t\t\t\t\t\t\t\t\t\t\t\t<a class=\"second_font readmore\" href=\"https:\/\/immigrationcur.org\/pap\/ribe-luga\/proposito-reunifikashon-familiar-formashon-di-famia\/\" >\n\t\t\t\t\t\tLesa Mas\t\t\t\t\t\t<i data-feather=\"arrow-right\"><\/i>\n\t\t\t\t\t<\/a>\n\t\t\t\t\t\t\t\t\t<\/div>\n\n\t\t\t\t<\/div>\n\t\t\t<\/div>\n\n\t\t\n\t\t\t<div class=\"items elementor-items\">\n\t\t\t\t<div class=\"wp-item\">\n\t\t\t\t\n\t\t\t\t<div class=\"ova-media\">\n\t\t\t\t\t<a href=\"https:\/\/immigrationcur.org\/pap\/ribe-luga\/yudansa-ku-registrashon\/\">\n\t\t\t\t\t\t<img decoding=\"async\" width=\"683\" height=\"1024\" src=\"https:\/\/immigrationcur.org\/wp-content\/uploads\/2026\/03\/D4A7641-683x1024.jpg\" class=\"img-responsive wp-post-image\" alt=\"\" srcset=\"https:\/\/immigrationcur.org\/wp-content\/uploads\/2026\/03\/D4A7641-683x1024.jpg 683w, https:\/\/immigrationcur.org\/wp-content\/uploads\/2026\/03\/D4A7641-200x300.jpg 200w, https:\/\/immigrationcur.org\/wp-content\/uploads\/2026\/03\/D4A7641-768x1151.jpg 768w, https:\/\/immigrationcur.org\/wp-content\/uploads\/2026\/03\/D4A7641-1025x1536.jpg 1025w, https:\/\/immigrationcur.org\/wp-content\/uploads\/2026\/03\/D4A7641-400x600.jpg 400w, https:\/\/immigrationcur.org\/wp-content\/uploads\/2026\/03\/D4A7641-374x560.jpg 374w, https:\/\/immigrationcur.org\/wp-content\/uploads\/2026\/03\/D4A7641.jpg 1281w\" sizes=\"(max-width: 683px) 100vw, 683px\" \/>\t\t\t\t\t<\/a>\n\t\t\t\t<\/div>\n\t\t\t\t<div class=\"ova-content\">\n\t\t\t\t\t\t\t\t\t\t\t<div class=\"icon\">\n\t\t\t\t\t\t\t<span>\n\t\t\t\t\t\t\t\t<i class=\"icon-kind\"><\/i>\n\t\t\t\t\t\t\t<\/span>\n\t\t\t\t\t\t<\/div>\n\t\t\t\t\t\t\t\t\t\t\t\t\t\t\t<h2 class=\"title\">\n\t\t\t\t\t\t<a class=\"second_font\" href=\"https:\/\/immigrationcur.org\/pap\/ribe-luga\/yudansa-ku-registrashon\/\">\n\t\t\t\t\t\t\tYudansa ku registrashon\t\t\t\t\t\t<\/a>\n\t\t\t\t\t<\/h2>\n\t\t\t\t\t\t\t\t\t\t\t\t\t\t\t\t<div class=\"descption\">\n\t\t\t\t\t\t\tInformashon tokante e sosten disponibel pa entreg\u00e1 un aplikashon via partnernan di konfiansa. \t\t\t\t\t\t<\/div>\n\t\t\t\t\t\t\t\t\t\t\t\t\t\t\t<a class=\"second_font readmore\" href=\"https:\/\/immigrationcur.org\/pap\/ribe-luga\/yudansa-ku-registrashon\/\" >\n\t\t\t\t\t\tLesa Mas\t\t\t\t\t\t<i data-feather=\"arrow-right\"><\/i>\n\t\t\t\t\t<\/a>\n\t\t\t\t\t\t\t\t\t<\/div>\n\n\t\t\t\t<\/div>\n\t\t\t<\/div>\n\n\t\t\n\t\t\t<div class=\"items elementor-items\">\n\t\t\t\t<div class=\"wp-item\">\n\t\t\t\t\n\t\t\t\t<div class=\"ova-media\">\n\t\t\t\t\t<a href=\"https:\/\/immigrationcur.org\/pap\/ribe-luga\/rekohe-permit\/\">\n\t\t\t\t\t\t<img decoding=\"async\" width=\"683\" height=\"1024\" src=\"https:\/\/immigrationcur.org\/wp-content\/uploads\/2026\/03\/D4A7649-683x1024.jpg\" class=\"img-responsive wp-post-image\" alt=\"\" srcset=\"https:\/\/immigrationcur.org\/wp-content\/uploads\/2026\/03\/D4A7649-683x1024.jpg 683w, https:\/\/immigrationcur.org\/wp-content\/uploads\/2026\/03\/D4A7649-200x300.jpg 200w, https:\/\/immigrationcur.org\/wp-content\/uploads\/2026\/03\/D4A7649-768x1151.jpg 768w, https:\/\/immigrationcur.org\/wp-content\/uploads\/2026\/03\/D4A7649-1025x1536.jpg 1025w, https:\/\/immigrationcur.org\/wp-content\/uploads\/2026\/03\/D4A7649-400x600.jpg 400w, https:\/\/immigrationcur.org\/wp-content\/uploads\/2026\/03\/D4A7649-374x560.jpg 374w, https:\/\/immigrationcur.org\/wp-content\/uploads\/2026\/03\/D4A7649.jpg 1281w\" sizes=\"(max-width: 683px) 100vw, 683px\" \/>\t\t\t\t\t<\/a>\n\t\t\t\t<\/div>\n\t\t\t\t<div class=\"ova-content\">\n\t\t\t\t\t\t\t\t\t\t\t<div class=\"icon\">\n\t\t\t\t\t\t\t<span>\n\t\t\t\t\t\t\t\t<i class=\"icon-afspraak\"><\/i>\n\t\t\t\t\t\t\t<\/span>\n\t\t\t\t\t\t<\/div>\n\t\t\t\t\t\t\t\t\t\t\t\t\t\t\t<h2 class=\"title\">\n\t\t\t\t\t\t<a class=\"second_font\" href=\"https:\/\/immigrationcur.org\/pap\/ribe-luga\/rekohe-permit\/\">\n\t\t\t\t\t\t\tRekoh\u00e9 p\u00e8rmit\t\t\t\t\t\t<\/a>\n\t\t\t\t\t<\/h2>\n\t\t\t\t\t\t\t\t\t\t\t\t\t\t\t\t<div class=\"descption\">\n\t\t\t\t\t\t\tInformashon tokante trahamentu di un sita i e rekisitonan pa kobra e p\u00e8rmit di estadia.\t\t\t\t\t\t<\/div>\n\t\t\t\t\t\t\t\t\t\t\t\t\t\t\t<a class=\"second_font readmore\" href=\"https:\/\/immigrationcur.org\/pap\/ribe-luga\/rekohe-permit\/\" >\n\t\t\t\t\t\tLesa Mas\t\t\t\t\t\t<i data-feather=\"arrow-right\"><\/i>\n\t\t\t\t\t<\/a>\n\t\t\t\t\t\t\t\t\t<\/div>\n\n\t\t\t\t<\/div>\n\t\t\t<\/div>\n\n\t\t\n\t\t\t<div class=\"items elementor-items\">\n\t\t\t\t<div class=\"wp-item\">\n\t\t\t\t\n\t\t\t\t<div class=\"ova-media\">\n\t\t\t\t\t<a href=\"https:\/\/immigrationcur.org\/pap\/ribe-luga\/kranshi\/\">\n\t\t\t\t\t\t<img decoding=\"async\" width=\"1024\" height=\"683\" src=\"https:\/\/immigrationcur.org\/wp-content\/uploads\/2026\/03\/D4A7662-1024x683.jpg\" class=\"img-responsive wp-post-image\" alt=\"\" srcset=\"https:\/\/immigrationcur.org\/wp-content\/uploads\/2026\/03\/D4A7662-1024x683.jpg 1024w, https:\/\/immigrationcur.org\/wp-content\/uploads\/2026\/03\/D4A7662-300x200.jpg 300w, https:\/\/immigrationcur.org\/wp-content\/uploads\/2026\/03\/D4A7662-768x512.jpg 768w, https:\/\/immigrationcur.org\/wp-content\/uploads\/2026\/03\/D4A7662-1536x1025.jpg 1536w, https:\/\/immigrationcur.org\/wp-content\/uploads\/2026\/03\/D4A7662-600x400.jpg 600w, https:\/\/immigrationcur.org\/wp-content\/uploads\/2026\/03\/D4A7662-560x374.jpg 560w, https:\/\/immigrationcur.org\/wp-content\/uploads\/2026\/03\/D4A7662.jpg 1920w\" sizes=\"(max-width: 1024px) 100vw, 1024px\" \/>\t\t\t\t\t<\/a>\n\t\t\t\t<\/div>\n\t\t\t\t<div class=\"ova-content\">\n\t\t\t\t\t\t\t\t\t\t\t<div class=\"icon\">\n\t\t\t\t\t\t\t<span>\n\t\t\t\t\t\t\t\t<i class=\"icon-afhalen\"><\/i>\n\t\t\t\t\t\t\t<\/span>\n\t\t\t\t\t\t<\/div>\n\t\t\t\t\t\t\t\t\t\t\t\t\t\t\t<h2 class=\"title\">\n\t\t\t\t\t\t<a class=\"second_font\" href=\"https:\/\/immigrationcur.org\/pap\/ribe-luga\/kranshi\/\">\n\t\t\t\t\t\t\tKranshi\t\t\t\t\t\t<\/a>\n\t\t\t\t\t<\/h2>\n\t\t\t\t\t\t\t\t\t\t\t\t\t\t\t\t<div class=\"descption\">\n\t\t\t\t\t\t\tInformashon tokante inskripshon na registro di poblashon (Kranshi) i aplik\u00e1 pa un dokumento di identidat (sedula).\t\t\t\t\t\t<\/div>\n\t\t\t\t\t\t\t\t\t\t\t\t\t\t\t<a class=\"second_font readmore\" href=\"https:\/\/immigrationcur.org\/pap\/ribe-luga\/kranshi\/\" >\n\t\t\t\t\t\tLesa Mas\t\t\t\t\t\t<i data-feather=\"arrow-right\"><\/i>\n\t\t\t\t\t<\/a>\n\t\t\t\t\t\t\t\t\t<\/div>\n\n\t\t\t\t<\/div>\n\t\t\t<\/div>\n\n\t\t\n\t\t\t<div class=\"items elementor-items\">\n\t\t\t\t<div class=\"wp-item\">\n\t\t\t\t\n\t\t\t\t<div class=\"ova-media\">\n\t\t\t\t\t<a href=\"https:\/\/immigrationcur.org\/pap\/ribe-luga\/informashon-di-kontakto\/\">\n\t\t\t\t\t\t<img decoding=\"async\" width=\"1024\" height=\"683\" src=\"https:\/\/immigrationcur.org\/wp-content\/uploads\/2026\/03\/D4A7667-1024x683.jpg\" class=\"img-responsive wp-post-image\" alt=\"\" srcset=\"https:\/\/immigrationcur.org\/wp-content\/uploads\/2026\/03\/D4A7667-1024x683.jpg 1024w, https:\/\/immigrationcur.org\/wp-content\/uploads\/2026\/03\/D4A7667-300x200.jpg 300w, https:\/\/immigrationcur.org\/wp-content\/uploads\/2026\/03\/D4A7667-768x512.jpg 768w, https:\/\/immigrationcur.org\/wp-content\/uploads\/2026\/03\/D4A7667-1536x1025.jpg 1536w, https:\/\/immigrationcur.org\/wp-content\/uploads\/2026\/03\/D4A7667-600x400.jpg 600w, https:\/\/immigrationcur.org\/wp-content\/uploads\/2026\/03\/D4A7667-560x374.jpg 560w, https:\/\/immigrationcur.org\/wp-content\/uploads\/2026\/03\/D4A7667.jpg 1920w\" sizes=\"(max-width: 1024px) 100vw, 1024px\" \/>\t\t\t\t\t<\/a>\n\t\t\t\t<\/div>\n\t\t\t\t<div class=\"ova-content\">\n\t\t\t\t\t\t\t\t\t\t\t<div class=\"icon\">\n\t\t\t\t\t\t\t<span>\n\t\t\t\t\t\t\t\t<i class=\"icon-contact\"><\/i>\n\t\t\t\t\t\t\t<\/span>\n\t\t\t\t\t\t<\/div>\n\t\t\t\t\t\t\t\t\t\t\t\t\t\t\t<h2 class=\"title\">\n\t\t\t\t\t\t<a class=\"second_font\" href=\"https:\/\/immigrationcur.org\/pap\/ribe-luga\/informashon-di-kontakto\/\">\n\t\t\t\t\t\t\tInformashon di Kontakto\t\t\t\t\t\t<\/a>\n\t\t\t\t\t<\/h2>\n\t\t\t\t\t\t\t\t\t\t\t\t\t\t\t\t<div class=\"descption\">\n\t\t\t\t\t\t\tInformashon tokante opshonnan di kontakto pa preguntanan tokante e programa di Rib\u2019e Lug\u00e1 i e proseso di aplikashon.\t\t\t\t\t\t<\/div>\n\t\t\t\t\t\t\t\t\t\t\t\t\t\t\t<a class=\"second_font readmore\" href=\"https:\/\/immigrationcur.org\/pap\/ribe-luga\/informashon-di-kontakto\/\" >\n\t\t\t\t\t\tLesa Mas\t\t\t\t\t\t<i data-feather=\"arrow-right\"><\/i>\n\t\t\t\t\t<\/a>\n\t\t\t\t\t\t\t\t\t<\/div>\n\n\t\t\t\t<\/div>\n\t\t\t<\/div>\n\n\t\t\n\t\t\t<div class=\"items elementor-items\">\n\t\t\t\t<div class=\"wp-item\">\n\t\t\t\t\n\t\t\t\t<div class=\"ova-media\">\n\t\t\t\t\t<a href=\"https:\/\/immigrationcur.org\/pap\/ribe-luga\/preguntanan-frekuente-faq\/\">\n\t\t\t\t\t\t<img decoding=\"async\" width=\"683\" height=\"1024\" src=\"https:\/\/immigrationcur.org\/wp-content\/uploads\/2026\/03\/D4A7804-683x1024.jpg\" class=\"img-responsive wp-post-image\" alt=\"\" srcset=\"https:\/\/immigrationcur.org\/wp-content\/uploads\/2026\/03\/D4A7804-683x1024.jpg 683w, https:\/\/immigrationcur.org\/wp-content\/uploads\/2026\/03\/D4A7804-200x300.jpg 200w, https:\/\/immigrationcur.org\/wp-content\/uploads\/2026\/03\/D4A7804-768x1151.jpg 768w, https:\/\/immigrationcur.org\/wp-content\/uploads\/2026\/03\/D4A7804-1025x1536.jpg 1025w, https:\/\/immigrationcur.org\/wp-content\/uploads\/2026\/03\/D4A7804-400x600.jpg 400w, https:\/\/immigrationcur.org\/wp-content\/uploads\/2026\/03\/D4A7804-374x560.jpg 374w, https:\/\/immigrationcur.org\/wp-content\/uploads\/2026\/03\/D4A7804.jpg 1281w\" sizes=\"(max-width: 683px) 100vw, 683px\" \/>\t\t\t\t\t<\/a>\n\t\t\t\t<\/div>\n\t\t\t\t<div class=\"ova-content\">\n\t\t\t\t\t\t\t\t\t\t\t<div class=\"icon\">\n\t\t\t\t\t\t\t<span>\n\t\t\t\t\t\t\t\t<i class=\"icon-faq\"><\/i>\n\t\t\t\t\t\t\t<\/span>\n\t\t\t\t\t\t<\/div>\n\t\t\t\t\t\t\t\t\t\t\t\t\t\t\t<h2 class=\"title\">\n\t\t\t\t\t\t<a class=\"second_font\" href=\"https:\/\/immigrationcur.org\/pap\/ribe-luga\/preguntanan-frekuente-faq\/\">\n\t\t\t\t\t\t\tPreguntanan Frekuente (FAQ)\t\t\t\t\t\t<\/a>\n\t\t\t\t\t<\/h2>\n\t\t\t\t\t\t\t\t\t\t\t\t\t\t\t\t<div class=\"descption\">\n\t\t\t\t\t\t\tKontesta riba preguntanan frekuente tokante e programa di Rib\u2019e Lug\u00e1 i e proseso di aplikashon.\t\t\t\t\t\t<\/div>\n\t\t\t\t\t\t\t\t\t\t\t\t\t\t\t<a class=\"second_font readmore\" href=\"https:\/\/immigrationcur.org\/pap\/ribe-luga\/preguntanan-frekuente-faq\/\" >\n\t\t\t\t\t\tLesa Mas\t\t\t\t\t\t<i data-feather=\"arrow-right\"><\/i>\n\t\t\t\t\t<\/a>\n\t\t\t\t\t\t\t\t\t<\/div>\n\n\t\t\t\t<\/div>\n\t\t\t<\/div>\n\n\t\t\t<\/div>\n\n\n\n<\/div>\n\n\n\t\t<\/div>\n\t\t\t\t<\/div>\n\t\t\t\t\t<\/div>\n\t\t<\/div>\n\t\t\t\t\t\t\t<\/div>\n\t\t<\/section>\n\t\t\t\t\t\t\t<\/div>\n\t\t","protected":false},"excerpt":{"rendered":"<p>Servisio di Atmishon Home Pagina Welcome page Rib\u2019e Lug\u00e1 test Lees Meer Wet- en Regelgeving Belangrijke informatie Ingevolge art. 17 lid 4 LTU wordt de datum van verzending van de mededeling aan de aanvrager dat zijn vergunning gereed ligt, beschouwd als\u00a0 de beschikkingsdatum van de verblijfsvergunning. Dit wil zeggen dat de geldigheidsduur van de verblijfsvergunning [&hellip;]<\/p>\n","protected":false},"author":22,"featured_media":27499,"parent":0,"menu_order":0,"comment_status":"closed","ping_status":"closed","template":"elementor_header_footer","meta":{"_acf_changed":false,"footnotes":""},"class_list":["post-26805","page","type-page","status-publish","has-post-thumbnail","hentry"],"acf":[],"yoast_head":"<!-- This site is optimized with the Yoast SEO plugin v27.5 - https:\/\/yoast.com\/product\/yoast-seo-wordpress\/ -->\n<title>Zaken regelen - Toelatingsorganisatie Cura\u00e7ao<\/title>\n<meta name=\"description\" content=\"Wil je een vergunning, verklaring aanvragen? Wil je langer blijven op Cura\u00e7ao? De Toelatingsorganisatie helpt u graag!\" \/>\n<meta name=\"robots\" content=\"index, follow, max-snippet:-1, max-image-preview:large, max-video-preview:-1\" \/>\n<link rel=\"canonical\" href=\"https:\/\/immigrationcur.org\/pap\/ribe-luga\/\" \/>\n<meta property=\"og:locale\" content=\"en_US\" \/>\n<meta property=\"og:type\" content=\"article\" \/>\n<meta property=\"og:title\" content=\"Zaken regelen - Toelatingsorganisatie Cura\u00e7ao\" \/>\n<meta property=\"og:description\" content=\"Wil je een vergunning, verklaring aanvragen? Wil je langer blijven op Cura\u00e7ao? De Toelatingsorganisatie helpt u graag!\" \/>\n<meta property=\"og:url\" content=\"https:\/\/immigrationcur.org\/pap\/ribe-luga\/\" \/>\n<meta property=\"og:site_name\" content=\"Immigratiedienst Cura\u00e7ao\" \/>\n<meta property=\"article:modified_time\" content=\"2026-05-01T02:42:46+00:00\" \/>\n<meta property=\"og:image\" content=\"https:\/\/immigrationcur.org\/wp-content\/uploads\/2026\/04\/RL_banner-image-2_logo-centered.jpg\" \/>\n\t<meta property=\"og:image:width\" content=\"1400\" \/>\n\t<meta property=\"og:image:height\" content=\"300\" \/>\n\t<meta property=\"og:image:type\" content=\"image\/jpeg\" \/>\n<meta name=\"twitter:card\" content=\"summary_large_image\" \/>\n<meta name=\"twitter:label1\" content=\"Est. reading time\" \/>\n\t<meta name=\"twitter:data1\" content=\"5 minutes\" \/>\n<script type=\"application\/ld+json\" class=\"yoast-schema-graph\">{\"@context\":\"https:\\\/\\\/schema.org\",\"@graph\":[{\"@type\":\"WebPage\",\"@id\":\"https:\\\/\\\/immigrationcur.org\\\/pap\\\/ribe-luga\\\/\",\"url\":\"https:\\\/\\\/immigrationcur.org\\\/pap\\\/ribe-luga\\\/\",\"name\":\"Zaken regelen - Toelatingsorganisatie Cura\u00e7ao\",\"isPartOf\":{\"@id\":\"https:\\\/\\\/immigrationcur.org\\\/pap\\\/#website\"},\"primaryImageOfPage\":{\"@id\":\"https:\\\/\\\/immigrationcur.org\\\/pap\\\/ribe-luga\\\/#primaryimage\"},\"image\":{\"@id\":\"https:\\\/\\\/immigrationcur.org\\\/pap\\\/ribe-luga\\\/#primaryimage\"},\"thumbnailUrl\":\"https:\\\/\\\/immigrationcur.org\\\/wp-content\\\/uploads\\\/2026\\\/04\\\/RL_banner-image-2_logo-centered.jpg\",\"datePublished\":\"2026-04-06T13:41:54+00:00\",\"dateModified\":\"2026-05-01T02:42:46+00:00\",\"description\":\"Wil je een vergunning, verklaring aanvragen? Wil je langer blijven op Cura\u00e7ao? De Toelatingsorganisatie helpt u graag!\",\"breadcrumb\":{\"@id\":\"https:\\\/\\\/immigrationcur.org\\\/pap\\\/ribe-luga\\\/#breadcrumb\"},\"inLanguage\":\"pap-AW\",\"potentialAction\":[{\"@type\":\"ReadAction\",\"target\":[\"https:\\\/\\\/immigrationcur.org\\\/pap\\\/ribe-luga\\\/\"]}]},{\"@type\":\"ImageObject\",\"inLanguage\":\"pap-AW\",\"@id\":\"https:\\\/\\\/immigrationcur.org\\\/pap\\\/ribe-luga\\\/#primaryimage\",\"url\":\"https:\\\/\\\/immigrationcur.org\\\/wp-content\\\/uploads\\\/2026\\\/04\\\/RL_banner-image-2_logo-centered.jpg\",\"contentUrl\":\"https:\\\/\\\/immigrationcur.org\\\/wp-content\\\/uploads\\\/2026\\\/04\\\/RL_banner-image-2_logo-centered.jpg\",\"width\":1400,\"height\":300},{\"@type\":\"BreadcrumbList\",\"@id\":\"https:\\\/\\\/immigrationcur.org\\\/pap\\\/ribe-luga\\\/#breadcrumb\",\"itemListElement\":[{\"@type\":\"ListItem\",\"position\":1,\"name\":\"Pagina sentral\",\"item\":\"https:\\\/\\\/immigrationcur.org\\\/pap\\\/\"},{\"@type\":\"ListItem\",\"position\":2,\"name\":\"Rib\u2019e Lug\u00e1\"}]},{\"@type\":\"WebSite\",\"@id\":\"https:\\\/\\\/immigrationcur.org\\\/pap\\\/#website\",\"url\":\"https:\\\/\\\/immigrationcur.org\\\/pap\\\/\",\"name\":\"Immigratiedienst Cura\u00e7ao\",\"description\":\"De Toelatingsorganisatie (TO) behandelt aanvragen van personen die zich voor een korte of langere periode op Cura\u00e7ao willen verblijven.\",\"potentialAction\":[{\"@type\":\"SearchAction\",\"target\":{\"@type\":\"EntryPoint\",\"urlTemplate\":\"https:\\\/\\\/immigrationcur.org\\\/pap\\\/?s={search_term_string}\"},\"query-input\":{\"@type\":\"PropertyValueSpecification\",\"valueRequired\":true,\"valueName\":\"search_term_string\"}}],\"inLanguage\":\"pap-AW\"}]}<\/script>\n<!-- \/ Yoast SEO plugin. -->","yoast_head_json":{"title":"Zaken regelen - Toelatingsorganisatie Cura\u00e7ao","description":"Wil je een vergunning, verklaring aanvragen? Wil je langer blijven op Cura\u00e7ao? De Toelatingsorganisatie helpt u graag!","robots":{"index":"index","follow":"follow","max-snippet":"max-snippet:-1","max-image-preview":"max-image-preview:large","max-video-preview":"max-video-preview:-1"},"canonical":"https:\/\/immigrationcur.org\/pap\/ribe-luga\/","og_locale":"en_US","og_type":"article","og_title":"Zaken regelen - Toelatingsorganisatie Cura\u00e7ao","og_description":"Wil je een vergunning, verklaring aanvragen? Wil je langer blijven op Cura\u00e7ao? De Toelatingsorganisatie helpt u graag!","og_url":"https:\/\/immigrationcur.org\/pap\/ribe-luga\/","og_site_name":"Immigratiedienst Cura\u00e7ao","article_modified_time":"2026-05-01T02:42:46+00:00","og_image":[{"width":1400,"height":300,"url":"https:\/\/immigrationcur.org\/wp-content\/uploads\/2026\/04\/RL_banner-image-2_logo-centered.jpg","type":"image\/jpeg"}],"twitter_card":"summary_large_image","twitter_misc":{"Est. reading time":"5 minutes"},"schema":{"@context":"https:\/\/schema.org","@graph":[{"@type":"WebPage","@id":"https:\/\/immigrationcur.org\/pap\/ribe-luga\/","url":"https:\/\/immigrationcur.org\/pap\/ribe-luga\/","name":"Zaken regelen - Toelatingsorganisatie Cura\u00e7ao","isPartOf":{"@id":"https:\/\/immigrationcur.org\/pap\/#website"},"primaryImageOfPage":{"@id":"https:\/\/immigrationcur.org\/pap\/ribe-luga\/#primaryimage"},"image":{"@id":"https:\/\/immigrationcur.org\/pap\/ribe-luga\/#primaryimage"},"thumbnailUrl":"https:\/\/immigrationcur.org\/wp-content\/uploads\/2026\/04\/RL_banner-image-2_logo-centered.jpg","datePublished":"2026-04-06T13:41:54+00:00","dateModified":"2026-05-01T02:42:46+00:00","description":"Wil je een vergunning, verklaring aanvragen? Wil je langer blijven op Cura\u00e7ao? De Toelatingsorganisatie helpt u graag!","breadcrumb":{"@id":"https:\/\/immigrationcur.org\/pap\/ribe-luga\/#breadcrumb"},"inLanguage":"pap-AW","potentialAction":[{"@type":"ReadAction","target":["https:\/\/immigrationcur.org\/pap\/ribe-luga\/"]}]},{"@type":"ImageObject","inLanguage":"pap-AW","@id":"https:\/\/immigrationcur.org\/pap\/ribe-luga\/#primaryimage","url":"https:\/\/immigrationcur.org\/wp-content\/uploads\/2026\/04\/RL_banner-image-2_logo-centered.jpg","contentUrl":"https:\/\/immigrationcur.org\/wp-content\/uploads\/2026\/04\/RL_banner-image-2_logo-centered.jpg","width":1400,"height":300},{"@type":"BreadcrumbList","@id":"https:\/\/immigrationcur.org\/pap\/ribe-luga\/#breadcrumb","itemListElement":[{"@type":"ListItem","position":1,"name":"Pagina sentral","item":"https:\/\/immigrationcur.org\/pap\/"},{"@type":"ListItem","position":2,"name":"Rib\u2019e Lug\u00e1"}]},{"@type":"WebSite","@id":"https:\/\/immigrationcur.org\/pap\/#website","url":"https:\/\/immigrationcur.org\/pap\/","name":"Immigratiedienst Cura\u00e7ao","description":"De Toelatingsorganisatie (TO) behandelt aanvragen van personen die zich voor een korte of langere periode op Cura\u00e7ao willen verblijven.","potentialAction":[{"@type":"SearchAction","target":{"@type":"EntryPoint","urlTemplate":"https:\/\/immigrationcur.org\/pap\/?s={search_term_string}"},"query-input":{"@type":"PropertyValueSpecification","valueRequired":true,"valueName":"search_term_string"}}],"inLanguage":"pap-AW"}]}},"jetpack_sharing_enabled":true,"_links":{"self":[{"href":"https:\/\/immigrationcur.org\/pap\/wp-json\/wp\/v2\/pages\/26805","targetHints":{"allow":["GET"]}}],"collection":[{"href":"https:\/\/immigrationcur.org\/pap\/wp-json\/wp\/v2\/pages"}],"about":[{"href":"https:\/\/immigrationcur.org\/pap\/wp-json\/wp\/v2\/types\/page"}],"author":[{"embeddable":true,"href":"https:\/\/immigrationcur.org\/pap\/wp-json\/wp\/v2\/users\/22"}],"replies":[{"embeddable":true,"href":"https:\/\/immigrationcur.org\/pap\/wp-json\/wp\/v2\/comments?post=26805"}],"version-history":[{"count":11,"href":"https:\/\/immigrationcur.org\/pap\/wp-json\/wp\/v2\/pages\/26805\/revisions"}],"predecessor-version":[{"id":29049,"href":"https:\/\/immigrationcur.org\/pap\/wp-json\/wp\/v2\/pages\/26805\/revisions\/29049"}],"wp:featuredmedia":[{"embeddable":true,"href":"https:\/\/immigrationcur.org\/pap\/wp-json\/wp\/v2\/media\/27499"}],"wp:attachment":[{"href":"https:\/\/immigrationcur.org\/pap\/wp-json\/wp\/v2\/media?parent=26805"}],"curies":[{"name":"wp","href":"https:\/\/api.w.org\/{rel}","templated":true}]}}